{"id":598,"date":"2018-12-20T13:31:52","date_gmt":"2018-12-20T12:31:52","guid":{"rendered":"http:\/\/www.vinspravi.es\/vinos-rosados\/"},"modified":"2019-01-22T09:29:07","modified_gmt":"2019-01-22T08:29:07","slug":"vins-roses","status":"publish","type":"page","link":"https:\/\/www.vinspravi.es\/fr\/vins-roses\/","title":{"rendered":"Vins ros\u00e9s"},"content":{"rendered":"<div class=\"wpb-content-wrapper\"><p>[vc_row css_animation=&#8221;element_from_fade&#8221; row_type=&#8221;row&#8221; use_row_as_full_screen_section=&#8221;no&#8221; type=&#8221;grid&#8221; angled_section=&#8221;no&#8221; text_align=&#8221;left&#8221; background_image_as_pattern=&#8221;without_pattern&#8221; padding_top=&#8221;40&#8243; padding_bottom=&#8221;20&#8243; z_index=&#8221;&#8221;][vc_column][vc_column_text el_class=&#8221;section_title&#8221;]<\/p>\n<h1 style=\"text-align: center;\">Vins ros\u00e9s<\/h1>\n<p>[\/vc_column_text][\/vc_column][\/vc_row][vc_row css_animation=&#8221;element_from_fade&#8221; row_type=&#8221;row&#8221; use_row_as_full_screen_section=&#8221;no&#8221; type=&#8221;grid&#8221; angled_section=&#8221;no&#8221; text_align=&#8221;left&#8221; background_image_as_pattern=&#8221;without_pattern&#8221; padding_bottom=&#8221;70&#8243; z_index=&#8221;&#8221;][vc_column]<div class='projects_holder_outer v3 portfolio_with_space portfolio_with_hover_text'><div class='projects_holder portfolio_main_holder clearfix v3 hover_text portfolio_square_image '>\n<article class='mix portfolio_category_45 ' style=''><div class='image_holder'><a itemprop='url' class='portfolio_link_for_touch' href='https:\/\/www.vinspravi.es\/fr\/productos\/heredad-condal-catalunya-d-o-rose\/' target='_self'><span class='image'><img loading=\"lazy\" decoding=\"async\" width=\"570\" height=\"570\" src=\"https:\/\/www.vinspravi.es\/wp-content\/uploads\/2018\/11\/heradadcondal-rosat-sm-570x570.png\" class=\"attachment-portfolio-square size-portfolio-square wp-post-image\" alt=\"Heredad Condal\" srcset=\"https:\/\/www.vinspravi.es\/wp-content\/uploads\/2018\/11\/heradadcondal-rosat-sm-570x570.png 570w, https:\/\/www.vinspravi.es\/wp-content\/uploads\/2018\/11\/heradadcondal-rosat-sm-300x300.png 300w, https:\/\/www.vinspravi.es\/wp-content\/uploads\/2018\/11\/heradadcondal-rosat-sm-100x100.png 100w, https:\/\/www.vinspravi.es\/wp-content\/uploads\/2018\/11\/heradadcondal-rosat-sm-600x600.png 600w, https:\/\/www.vinspravi.es\/wp-content\/uploads\/2018\/11\/heradadcondal-rosat-sm-64x64.png 64w, https:\/\/www.vinspravi.es\/wp-content\/uploads\/2018\/11\/heradadcondal-rosat-sm-150x150.png 150w, https:\/\/www.vinspravi.es\/wp-content\/uploads\/2018\/11\/heradadcondal-rosat-sm-500x500.png 500w, https:\/\/www.vinspravi.es\/wp-content\/uploads\/2018\/11\/heradadcondal-rosat-sm.png 700w\" sizes=\"auto, (max-width: 570px) 100vw, 570px\" \/><\/span><\/a><span class='text_holder'><span class='text_outer'><span class='text_inner'><div class=\"hover_feature_holder_title\"><div class=\"hover_feature_holder_title_inner\"><h5 itemprop=\"name\" class=\"portfolio_title entry_title\"><a itemprop=\"url\" href=\"https:\/\/www.vinspravi.es\/fr\/productos\/heredad-condal-catalunya-d-o-rose\/\"  target=\"_self\">HEREDAD CONDAL, Catalunya D.O. Ros\u00e9<\/a><\/h5><\/div><\/div><span class='feature_holder'><span class=\"feature_holder_icons\"><span class='portfolio_like qbutton small white'><a  href=\"#\" class=\"qode-like\" id=\"qode-like-635\" title=\"Like this\">0<span>  Likes<\/span><\/a><\/span><\/span><\/span><\/span><\/span><\/span><\/div><\/article>\n<article class='mix portfolio_category_45 ' style=''><div class='image_holder'><a itemprop='url' class='portfolio_link_for_touch' href='https:\/\/www.vinspravi.es\/fr\/productos\/vinya-del-pont-nou-rose\/' target='_self'><span class='image'><img loading=\"lazy\" decoding=\"async\" width=\"570\" height=\"570\" src=\"https:\/\/www.vinspravi.es\/wp-content\/uploads\/2018\/11\/vinyadelpont_rosatnou_sm-570x570.png\" class=\"attachment-portfolio-square size-portfolio-square wp-post-image\" alt=\"Vinya del Pont\" srcset=\"https:\/\/www.vinspravi.es\/wp-content\/uploads\/2018\/11\/vinyadelpont_rosatnou_sm-570x570.png 570w, https:\/\/www.vinspravi.es\/wp-content\/uploads\/2018\/11\/vinyadelpont_rosatnou_sm-300x300.png 300w, https:\/\/www.vinspravi.es\/wp-content\/uploads\/2018\/11\/vinyadelpont_rosatnou_sm-100x100.png 100w, https:\/\/www.vinspravi.es\/wp-content\/uploads\/2018\/11\/vinyadelpont_rosatnou_sm-600x600.png 600w, https:\/\/www.vinspravi.es\/wp-content\/uploads\/2018\/11\/vinyadelpont_rosatnou_sm-64x64.png 64w, https:\/\/www.vinspravi.es\/wp-content\/uploads\/2018\/11\/vinyadelpont_rosatnou_sm-150x150.png 150w, https:\/\/www.vinspravi.es\/wp-content\/uploads\/2018\/11\/vinyadelpont_rosatnou_sm-500x500.png 500w, https:\/\/www.vinspravi.es\/wp-content\/uploads\/2018\/11\/vinyadelpont_rosatnou_sm.png 700w\" sizes=\"auto, (max-width: 570px) 100vw, 570px\" \/><\/span><\/a><span class='text_holder'><span class='text_outer'><span class='text_inner'><div class=\"hover_feature_holder_title\"><div class=\"hover_feature_holder_title_inner\"><h5 itemprop=\"name\" class=\"portfolio_title entry_title\"><a itemprop=\"url\" href=\"https:\/\/www.vinspravi.es\/fr\/productos\/vinya-del-pont-nou-rose\/\"  target=\"_self\">Vinya del Pont Nou Ros\u00e9<\/a><\/h5><\/div><\/div><span class='feature_holder'><span class=\"feature_holder_icons\"><span class='portfolio_like qbutton small white'><a  href=\"#\" class=\"qode-like\" id=\"qode-like-632\" title=\"Like this\">0<span>  Likes<\/span><\/a><\/span><\/span><\/span><\/span><\/span><\/span><\/div><\/article>\n<article class='mix portfolio_category_45 ' style=''><div class='image_holder'><a itemprop='url' class='portfolio_link_for_touch' href='https:\/\/www.vinspravi.es\/fr\/productos\/vinya-del-pont-rose\/' target='_self'><span class='image'><img loading=\"lazy\" decoding=\"async\" width=\"570\" height=\"570\" src=\"https:\/\/www.vinspravi.es\/wp-content\/uploads\/2018\/06\/vinyadelpont_rosat_sm-570x570.png\" class=\"attachment-portfolio-square size-portfolio-square wp-post-image\" alt=\"Vinya del Pont\" srcset=\"https:\/\/www.vinspravi.es\/wp-content\/uploads\/2018\/06\/vinyadelpont_rosat_sm-570x570.png 570w, https:\/\/www.vinspravi.es\/wp-content\/uploads\/2018\/06\/vinyadelpont_rosat_sm-300x300.png 300w, https:\/\/www.vinspravi.es\/wp-content\/uploads\/2018\/06\/vinyadelpont_rosat_sm-100x100.png 100w, https:\/\/www.vinspravi.es\/wp-content\/uploads\/2018\/06\/vinyadelpont_rosat_sm-600x600.png 600w, https:\/\/www.vinspravi.es\/wp-content\/uploads\/2018\/06\/vinyadelpont_rosat_sm-64x64.png 64w, https:\/\/www.vinspravi.es\/wp-content\/uploads\/2018\/06\/vinyadelpont_rosat_sm-150x150.png 150w, https:\/\/www.vinspravi.es\/wp-content\/uploads\/2018\/06\/vinyadelpont_rosat_sm-500x500.png 500w, https:\/\/www.vinspravi.es\/wp-content\/uploads\/2018\/06\/vinyadelpont_rosat_sm.png 700w\" sizes=\"auto, (max-width: 570px) 100vw, 570px\" \/><\/span><\/a><span class='text_holder'><span class='text_outer'><span class='text_inner'><div class=\"hover_feature_holder_title\"><div class=\"hover_feature_holder_title_inner\"><h5 itemprop=\"name\" class=\"portfolio_title entry_title\"><a itemprop=\"url\" href=\"https:\/\/www.vinspravi.es\/fr\/productos\/vinya-del-pont-rose\/\"  target=\"_self\">Vinya del Pont Ros\u00e9<\/a><\/h5><\/div><\/div><span class='feature_holder'><span class=\"feature_holder_icons\"><span class='portfolio_like qbutton small white'><a  href=\"#\" class=\"qode-like\" id=\"qode-like-629\" title=\"Like this\">0<span>  Likes<\/span><\/a><\/span><\/span><\/span><\/span><\/span><\/span><\/div><\/article>\n<div class='filler'><\/div>\n<div class='filler'><\/div>\n<div class='filler'><\/div>\n<\/div><\/div>[\/vc_column][\/vc_row][vc_row css_animation=&#8221;element_from_fade&#8221; row_type=&#8221;row&#8221; use_row_as_full_screen_section=&#8221;no&#8221; type=&#8221;grid&#8221; angled_section=&#8221;no&#8221; text_align=&#8221;center&#8221; background_image=&#8221;705&#8243; background_image_as_pattern=&#8221;without_pattern&#8221; el_class=&#8221;home_visitans&#8221; z_index=&#8221;&#8221;][vc_column][vc_column_text]<\/p>\n<h3 style=\"text-align: center;\">Vis\u00edtanos en nuestro almac\u00e9n de Manresa<\/h3>\n<p style=\"text-align: center;\">Te podremos ofrecer nuestros productos a granel, o en diferentes formatos:<br \/>\nvino cl\u00e1sico, vinos especiales de Catalu\u00f1a, Montsant, Empord\u00e0, Terra Alta y de otras regiones como Logro\u00f1o, Valadolid y Arag\u00f3n. Tambi\u00e9n excelentes vinos generosos, moscatel, mistela, vino rancio, vino de misa &#8230; tambi\u00e9n a granel!<\/p>\n<p>[\/vc_column_text][\/vc_column][\/vc_row]<\/p>\n<\/div>","protected":false},"excerpt":{"rendered":"<p>[vc_row css_animation=&#8221;element_from_fade&#8221; row_type=&#8221;row&#8221; use_row_as_full_screen_section=&#8221;no&#8221; type=&#8221;grid&#8221; angled_section=&#8221;no&#8221; text_align=&#8221;left&#8221; background_image_as_pattern=&#8221;without_pattern&#8221; padding_top=&#8221;40&#8243; padding_bottom=&#8221;20&#8243; z_index=&#8221;&#8221;][vc_column][vc_column_text el_class=&#8221;section_title&#8221;] Vins ros\u00e9s [\/vc_column_text][\/vc_column][\/vc_row][vc_row css_animation=&#8221;element_from_fade&#8221; row_type=&#8221;row&#8221; use_row_as_full_screen_section=&#8221;no&#8221; type=&#8221;grid&#8221; angled_section=&#8221;no&#8221; text_align=&#8221;left&#8221; background_image_as_pattern=&#8221;without_pattern&#8221; padding_bottom=&#8221;70&#8243; z_index=&#8221;&#8221;][vc_column][\/vc_column][\/vc_row][vc_row css_animation=&#8221;element_from_fade&#8221; row_type=&#8221;row&#8221; use_row_as_full_screen_section=&#8221;no&#8221; type=&#8221;grid&#8221; angled_section=&#8221;no&#8221; text_align=&#8221;center&#8221; background_image=&#8221;705&#8243; background_image_as_pattern=&#8221;without_pattern&#8221; el_class=&#8221;home_visitans&#8221; z_index=&#8221;&#8221;][vc_column][vc_column_text] Vis\u00edtanos en nuestro almac\u00e9n de Manresa Te podremos ofrecer nuestros productos&#8230;<\/p>\n","protected":false},"author":2,"featured_media":0,"parent":0,"menu_order":0,"comment_status":"closed","ping_status":"closed","template":"full_width.php","meta":{"footnotes":""},"class_list":["post-598","page","type-page","status-publish","hentry"],"_links":{"self":[{"href":"https:\/\/www.vinspravi.es\/fr\/wp-json\/wp\/v2\/pages\/598","targetHints":{"allow":["GET"]}}],"collection":[{"href":"https:\/\/www.vinspravi.es\/fr\/wp-json\/wp\/v2\/pages"}],"about":[{"href":"https:\/\/www.vinspravi.es\/fr\/wp-json\/wp\/v2\/types\/page"}],"author":[{"embeddable":true,"href":"https:\/\/www.vinspravi.es\/fr\/wp-json\/wp\/v2\/users\/2"}],"replies":[{"embeddable":true,"href":"https:\/\/www.vinspravi.es\/fr\/wp-json\/wp\/v2\/comments?post=598"}],"version-history":[{"count":2,"href":"https:\/\/www.vinspravi.es\/fr\/wp-json\/wp\/v2\/pages\/598\/revisions"}],"predecessor-version":[{"id":773,"href":"https:\/\/www.vinspravi.es\/fr\/wp-json\/wp\/v2\/pages\/598\/revisions\/773"}],"wp:attachment":[{"href":"https:\/\/www.vinspravi.es\/fr\/wp-json\/wp\/v2\/media?parent=598"}],"curies":[{"name":"wp","href":"https:\/\/api.w.org\/{rel}","templated":true}]}}