{"id":567,"date":"2018-06-23T14:56:43","date_gmt":"2018-06-23T12:56:43","guid":{"rendered":"http:\/\/www.vinspravi.es\/presentacion\/"},"modified":"2019-01-22T09:28:50","modified_gmt":"2019-01-22T08:28:50","slug":"presentation","status":"publish","type":"page","link":"https:\/\/www.vinspravi.es\/fr\/presentation\/","title":{"rendered":"Pr\u00e9sentation"},"content":{"rendered":"<div class=\"wpb-content-wrapper\"><p>[vc_row css_animation=&#8221;element_from_fade&#8221; row_type=&#8221;row&#8221; use_row_as_full_screen_section=&#8221;no&#8221; type=&#8221;grid&#8221; angled_section=&#8221;no&#8221; text_align=&#8221;left&#8221; background_image_as_pattern=&#8221;without_pattern&#8221; padding_top=&#8221;40&#8243; padding_bottom=&#8221;40&#8243; z_index=&#8221;&#8221;][vc_column][vc_column_text el_class=&#8221;section_title&#8221;]<\/p>\n<h1 style=\"text-align: center;\">Vins Pravi, nous s\u00e9lectionnons, nous mettons en bouteille et nous distribuons du vin<\/h1>\n<p style=\"text-align: center;\">Mise en bouteille, vente et distribution de vin pour les restaurants et les \u00e9tablissements<\/p>\n<p>[\/vc_column_text][vc_single_image image=&#8221;42&#8243; img_size=&#8221;full&#8221; alignment=&#8221;center&#8221; qode_css_animation=&#8221;&#8221;][\/vc_column][\/vc_row][vc_row css_animation=&#8221;element_from_fade&#8221; row_type=&#8221;row&#8221; use_row_as_full_screen_section=&#8221;no&#8221; type=&#8221;grid&#8221; angled_section=&#8221;no&#8221; text_align=&#8221;left&#8221; background_image_as_pattern=&#8221;without_pattern&#8221; z_index=&#8221;&#8221;][vc_column width=&#8221;1\/2&#8243; el_class=&#8221;col-more-sep&#8221;][vc_column_text]Vins Pravi, est une entreprise de mise en bouteille qui a \u00e9t\u00e9 cr\u00e9\u00e9e en 1964 par son fondateur, Josep Prat. Sous l\u2019\u00e9tiquette d\u2019entreprise familiale, gr\u00e2ce \u00e0 l\u2019effort personnel, \u00e0 l\u2019\u00e9nergie et \u00e0 la qualit\u00e9 humaine, plus de 50 ans apr\u00e8s, l\u2019entreprise a pu continuer \u00e0 mettre en bouteille et \u00e0 distribuer ses produits.<\/p>\n<p>Au cours de ces d\u00e9cennies, l\u2019entreprise a cr\u00e9\u00e9 ses marques propres comme Gran Pravi, Vinya del Pont , etc. derri\u00e8re lesquelles se cache un vin de grande qualit\u00e9 \u00e0 un prix ajust\u00e9. Pour parvenir \u00e0 cette fin, l\u2019innovation technologique a jou\u00e9 un r\u00f4le significatif : de l\u2019embouteillage manuel des d\u00e9buts en passant par les premi\u00e8res machines de remplissage des bonbonnes, jusqu\u2019\u00e0 celles d\u2019injection de gaz nitrog\u00e8ne, ou encore de la pasteurisation aux derni\u00e8res techniques de microfiltration bact\u00e9rienne du vin.[\/vc_column_text][\/vc_column][vc_column width=&#8221;1\/2&#8243; el_class=&#8221;col-more-sep&#8221;][vc_column_text]Tout cela nous permet d\u2019adapter les diff\u00e9rents produits aux besoins de nos clients. Cet effort prolong\u00e9 tout au long du temps a donn\u00e9 ses fruits en 2004, ann\u00e9e o\u00f9 Vins Pravi a obtenu la D\u00e9nomination d\u2019origine de Catalogne. D\u00e8s lors, une nouvelle marque nomm\u00e9e Heredad Condal, b\u00e9n\u00e9ficiant de la D\u00e9nomination d\u2019origine de Catalogne, a entrepris un voyage sur les tables du pays.<\/p>\n<p>C\u2019est avec modestie et gr\u00e2ce aux efforts qui animent l\u2019entreprise depuis ses origines que nous avons le plaisir de vous pr\u00e9senter aujourd\u2019hui une famille de produits qui s\u2019\u00e9tend des vins de table les plus traditionnels aux vins de d\u00e9nomination d\u2019origine. Nous sommes fiers et honor\u00e9s de faire partie de l\u2019offre vinicole riche et historique de ce pays.[\/vc_column_text][\/vc_column][\/vc_row][vc_row css_animation=&#8221;element_from_fade&#8221; row_type=&#8221;row&#8221; use_row_as_full_screen_section=&#8221;no&#8221; type=&#8221;grid&#8221; angled_section=&#8221;no&#8221; text_align=&#8221;left&#8221; background_image_as_pattern=&#8221;without_pattern&#8221; padding_top=&#8221;70&#8243; padding_bottom=&#8221;70&#8243; z_index=&#8221;&#8221;][vc_column][vc_gallery type=&#8221;image_grid&#8221; images=&#8221;88,89,90,91&#8243; img_size=&#8221;full&#8221; onclick=&#8221;&#8221; column_number=&#8221;4&#8243; grayscale=&#8221;no&#8221; images_space=&#8221;gallery_without_space&#8221;][\/vc_column][\/vc_row][vc_row css_animation=&#8221;element_from_fade&#8221; row_type=&#8221;row&#8221; use_row_as_full_screen_section=&#8221;no&#8221; type=&#8221;grid&#8221; angled_section=&#8221;no&#8221; text_align=&#8221;left&#8221; background_image_as_pattern=&#8221;without_pattern&#8221; padding_top=&#8221;70&#8243; padding_bottom=&#8221;70&#8243; z_index=&#8221;&#8221;][vc_column width=&#8221;1\/3&#8243;][vc_single_image image=&#8221;322&#8243; img_size=&#8221;full&#8221; alignment=&#8221;center&#8221; qode_css_animation=&#8221;&#8221;][vc_separator type=&#8221;transparent&#8221; up=&#8221;20&#8243;][\/vc_column][vc_column width=&#8221;1\/3&#8243;][vc_single_image image=&#8221;323&#8243; img_size=&#8221;full&#8221; alignment=&#8221;center&#8221; qode_css_animation=&#8221;&#8221;][vc_separator type=&#8221;transparent&#8221; up=&#8221;20&#8243;][\/vc_column][vc_column width=&#8221;1\/3&#8243;][vc_single_image image=&#8221;324&#8243; img_size=&#8221;full&#8221; alignment=&#8221;center&#8221; qode_css_animation=&#8221;&#8221;][vc_separator type=&#8221;transparent&#8221; up=&#8221;20&#8243;][\/vc_column][\/vc_row][vc_row css_animation=&#8221;element_from_fade&#8221; row_type=&#8221;row&#8221; use_row_as_full_screen_section=&#8221;no&#8221; type=&#8221;grid&#8221; angled_section=&#8221;no&#8221; text_align=&#8221;center&#8221; background_image=&#8221;705&#8243; background_image_as_pattern=&#8221;without_pattern&#8221; el_class=&#8221;home_visitans&#8221; z_index=&#8221;&#8221;][vc_column][vc_column_text]<\/p>\n<h3 style=\"text-align: center;\">Venez visiter notre magasin de Manresa.<\/h3>\n<p style=\"text-align: center;\">Nous pourrons vous offrir nos produits au d\u00e9tail ou en diff\u00e9rents formats:<br \/>\nsp\u00e9ciaux de Catalogne, Montsant, Empord\u00e0, Terra Alta et d\u00b4autres r\u00e9gions comme Logro\u00f1o, Valladolid et Aragon, ainsi que d\u2019excellents vins g\u00e9n\u00e9reux tels que le muscat, la mistelle, le vin rancio, le vin de messe\u2026 aussi au d\u00e9tail !<\/p>\n<p>[\/vc_column_text][\/vc_column][\/vc_row]<\/p>\n<\/div>","protected":false},"excerpt":{"rendered":"<p>[vc_row css_animation=&#8221;element_from_fade&#8221; row_type=&#8221;row&#8221; use_row_as_full_screen_section=&#8221;no&#8221; type=&#8221;grid&#8221; angled_section=&#8221;no&#8221; text_align=&#8221;left&#8221; background_image_as_pattern=&#8221;without_pattern&#8221; padding_top=&#8221;40&#8243; padding_bottom=&#8221;40&#8243; z_index=&#8221;&#8221;][vc_column][vc_column_text el_class=&#8221;section_title&#8221;] Vins Pravi, nous s\u00e9lectionnons, nous mettons en bouteille et nous distribuons du vin Mise en bouteille, vente et distribution de vin pour les restaurants et les \u00e9tablissements [\/vc_column_text][vc_single_image image=&#8221;42&#8243; img_size=&#8221;full&#8221; alignment=&#8221;center&#8221; qode_css_animation=&#8221;&#8221;][\/vc_column][\/vc_row][vc_row css_animation=&#8221;element_from_fade&#8221;&#8230;<\/p>\n","protected":false},"author":1,"featured_media":0,"parent":0,"menu_order":0,"comment_status":"closed","ping_status":"closed","template":"full_width.php","meta":{"footnotes":""},"class_list":["post-567","page","type-page","status-publish","hentry"],"_links":{"self":[{"href":"https:\/\/www.vinspravi.es\/fr\/wp-json\/wp\/v2\/pages\/567","targetHints":{"allow":["GET"]}}],"collection":[{"href":"https:\/\/www.vinspravi.es\/fr\/wp-json\/wp\/v2\/pages"}],"about":[{"href":"https:\/\/www.vinspravi.es\/fr\/wp-json\/wp\/v2\/types\/page"}],"author":[{"embeddable":true,"href":"https:\/\/www.vinspravi.es\/fr\/wp-json\/wp\/v2\/users\/1"}],"replies":[{"embeddable":true,"href":"https:\/\/www.vinspravi.es\/fr\/wp-json\/wp\/v2\/comments?post=567"}],"version-history":[{"count":3,"href":"https:\/\/www.vinspravi.es\/fr\/wp-json\/wp\/v2\/pages\/567\/revisions"}],"predecessor-version":[{"id":770,"href":"https:\/\/www.vinspravi.es\/fr\/wp-json\/wp\/v2\/pages\/567\/revisions\/770"}],"wp:attachment":[{"href":"https:\/\/www.vinspravi.es\/fr\/wp-json\/wp\/v2\/media?parent=567"}],"curies":[{"name":"wp","href":"https:\/\/api.w.org\/{rel}","templated":true}]}}