{"id":215,"date":"2018-06-24T20:57:50","date_gmt":"2018-06-24T18:57:50","guid":{"rendered":"http:\/\/www.vinspravi.es\/vinos-dulces\/"},"modified":"2019-01-22T09:03:04","modified_gmt":"2019-01-22T08:03:04","slug":"vins-de-licor","status":"publish","type":"page","link":"https:\/\/www.vinspravi.es\/ca\/vins-de-licor\/","title":{"rendered":"Vins de licor"},"content":{"rendered":"<div class=\"wpb-content-wrapper\"><p>[vc_row css_animation=&#8221;element_from_fade&#8221; row_type=&#8221;row&#8221; use_row_as_full_screen_section=&#8221;no&#8221; type=&#8221;grid&#8221; angled_section=&#8221;no&#8221; text_align=&#8221;left&#8221; background_image_as_pattern=&#8221;without_pattern&#8221; padding_top=&#8221;40&#8243; padding_bottom=&#8221;20&#8243; z_index=&#8221;&#8221;][vc_column][vc_column_text el_class=&#8221;section_title&#8221;]<\/p>\n<h1 style=\"text-align: center;\">Vins de licor<\/h1>\n<p>[\/vc_column_text][\/vc_column][\/vc_row][vc_row css_animation=&#8221;element_from_fade&#8221; row_type=&#8221;row&#8221; use_row_as_full_screen_section=&#8221;no&#8221; type=&#8221;grid&#8221; angled_section=&#8221;no&#8221; text_align=&#8221;left&#8221; background_image_as_pattern=&#8221;without_pattern&#8221; padding_bottom=&#8221;70&#8243; z_index=&#8221;&#8221;][vc_column]<div class='projects_holder_outer v3 portfolio_with_space portfolio_with_hover_text'><div class='projects_holder portfolio_main_holder clearfix v3 hover_text portfolio_square_image '>\n<article class='mix portfolio_category_15 ' style=''><div class='image_holder'><a itemprop='url' class='portfolio_link_for_touch' href='https:\/\/www.vinspravi.es\/ca\/productos\/moscatell\/' target='_self'><span class='image'><img loading=\"lazy\" decoding=\"async\" width=\"570\" height=\"570\" src=\"https:\/\/www.vinspravi.es\/wp-content\/uploads\/2018\/11\/moscatell-sm-570x570.png\" class=\"attachment-portfolio-square size-portfolio-square wp-post-image\" alt=\"Moscatel\" srcset=\"https:\/\/www.vinspravi.es\/wp-content\/uploads\/2018\/11\/moscatell-sm-570x570.png 570w, https:\/\/www.vinspravi.es\/wp-content\/uploads\/2018\/11\/moscatell-sm-300x300.png 300w, https:\/\/www.vinspravi.es\/wp-content\/uploads\/2018\/11\/moscatell-sm-100x100.png 100w, https:\/\/www.vinspravi.es\/wp-content\/uploads\/2018\/11\/moscatell-sm-600x600.png 600w, https:\/\/www.vinspravi.es\/wp-content\/uploads\/2018\/11\/moscatell-sm-64x64.png 64w, https:\/\/www.vinspravi.es\/wp-content\/uploads\/2018\/11\/moscatell-sm-150x150.png 150w, https:\/\/www.vinspravi.es\/wp-content\/uploads\/2018\/11\/moscatell-sm-500x500.png 500w, https:\/\/www.vinspravi.es\/wp-content\/uploads\/2018\/11\/moscatell-sm.png 700w\" sizes=\"auto, (max-width: 570px) 100vw, 570px\" \/><\/span><\/a><span class='text_holder'><span class='text_outer'><span class='text_inner'><div class=\"hover_feature_holder_title\"><div class=\"hover_feature_holder_title_inner\"><h5 itemprop=\"name\" class=\"portfolio_title entry_title\"><a itemprop=\"url\" href=\"https:\/\/www.vinspravi.es\/ca\/productos\/moscatell\/\"  target=\"_self\">Moscatell<\/a><\/h5><\/div><\/div><span class='feature_holder'><span class=\"feature_holder_icons\"><span class='portfolio_like qbutton small white'><a  href=\"#\" class=\"qode-like\" id=\"qode-like-342\" title=\"Like this\">0<span>  Likes<\/span><\/a><\/span><\/span><\/span><\/span><\/span><\/span><\/div><\/article>\n<article class='mix portfolio_category_15 ' style=''><div class='image_holder'><a itemprop='url' class='portfolio_link_for_touch' href='https:\/\/www.vinspravi.es\/ca\/productos\/vi-de-missa\/' target='_self'><span class='image'><img loading=\"lazy\" decoding=\"async\" width=\"570\" height=\"570\" src=\"https:\/\/www.vinspravi.es\/wp-content\/uploads\/2018\/11\/vi-missa-sm-570x570.png\" class=\"attachment-portfolio-square size-portfolio-square wp-post-image\" alt=\"Vino misa\" srcset=\"https:\/\/www.vinspravi.es\/wp-content\/uploads\/2018\/11\/vi-missa-sm-570x570.png 570w, https:\/\/www.vinspravi.es\/wp-content\/uploads\/2018\/11\/vi-missa-sm-300x300.png 300w, https:\/\/www.vinspravi.es\/wp-content\/uploads\/2018\/11\/vi-missa-sm-100x100.png 100w, https:\/\/www.vinspravi.es\/wp-content\/uploads\/2018\/11\/vi-missa-sm-600x600.png 600w, https:\/\/www.vinspravi.es\/wp-content\/uploads\/2018\/11\/vi-missa-sm-64x64.png 64w, https:\/\/www.vinspravi.es\/wp-content\/uploads\/2018\/11\/vi-missa-sm-150x150.png 150w, https:\/\/www.vinspravi.es\/wp-content\/uploads\/2018\/11\/vi-missa-sm-500x500.png 500w, https:\/\/www.vinspravi.es\/wp-content\/uploads\/2018\/11\/vi-missa-sm.png 700w\" sizes=\"auto, (max-width: 570px) 100vw, 570px\" \/><\/span><\/a><span class='text_holder'><span class='text_outer'><span class='text_inner'><div class=\"hover_feature_holder_title\"><div class=\"hover_feature_holder_title_inner\"><h5 itemprop=\"name\" class=\"portfolio_title entry_title\"><a itemprop=\"url\" href=\"https:\/\/www.vinspravi.es\/ca\/productos\/vi-de-missa\/\"  target=\"_self\">Vi de missa<\/a><\/h5><\/div><\/div><span class='feature_holder'><span class=\"feature_holder_icons\"><span class='portfolio_like qbutton small white'><a  href=\"#\" class=\"qode-like\" id=\"qode-like-343\" title=\"Like this\">0<span>  Likes<\/span><\/a><\/span><\/span><\/span><\/span><\/span><\/span><\/div><\/article>\n<article class='mix portfolio_category_15 ' style=''><div class='image_holder'><a itemprop='url' class='portfolio_link_for_touch' href='https:\/\/www.vinspravi.es\/ca\/productos\/mistela\/' target='_self'><span class='image'><img loading=\"lazy\" decoding=\"async\" width=\"570\" height=\"570\" src=\"https:\/\/www.vinspravi.es\/wp-content\/uploads\/2018\/11\/mistela-sm-570x570.png\" class=\"attachment-portfolio-square size-portfolio-square wp-post-image\" alt=\"Mistela\" srcset=\"https:\/\/www.vinspravi.es\/wp-content\/uploads\/2018\/11\/mistela-sm-570x570.png 570w, https:\/\/www.vinspravi.es\/wp-content\/uploads\/2018\/11\/mistela-sm-300x300.png 300w, https:\/\/www.vinspravi.es\/wp-content\/uploads\/2018\/11\/mistela-sm-100x100.png 100w, https:\/\/www.vinspravi.es\/wp-content\/uploads\/2018\/11\/mistela-sm-600x600.png 600w, https:\/\/www.vinspravi.es\/wp-content\/uploads\/2018\/11\/mistela-sm-64x64.png 64w, https:\/\/www.vinspravi.es\/wp-content\/uploads\/2018\/11\/mistela-sm-150x150.png 150w, https:\/\/www.vinspravi.es\/wp-content\/uploads\/2018\/11\/mistela-sm-500x500.png 500w, https:\/\/www.vinspravi.es\/wp-content\/uploads\/2018\/11\/mistela-sm.png 700w\" sizes=\"auto, (max-width: 570px) 100vw, 570px\" \/><\/span><\/a><span class='text_holder'><span class='text_outer'><span class='text_inner'><div class=\"hover_feature_holder_title\"><div class=\"hover_feature_holder_title_inner\"><h5 itemprop=\"name\" class=\"portfolio_title entry_title\"><a itemprop=\"url\" href=\"https:\/\/www.vinspravi.es\/ca\/productos\/mistela\/\"  target=\"_self\">Mistela<\/a><\/h5><\/div><\/div><span class='feature_holder'><span class=\"feature_holder_icons\"><span class='portfolio_like qbutton small white'><a  href=\"#\" class=\"qode-like\" id=\"qode-like-344\" title=\"Like this\">0<span>  Likes<\/span><\/a><\/span><\/span><\/span><\/span><\/span><\/span><\/div><\/article>\n<article class='mix portfolio_category_15 ' style=''><div class='image_holder'><a itemprop='url' class='portfolio_link_for_touch' href='https:\/\/www.vinspravi.es\/ca\/productos\/vi-ranci\/' target='_self'><span class='image'><img loading=\"lazy\" decoding=\"async\" width=\"570\" height=\"570\" src=\"https:\/\/www.vinspravi.es\/wp-content\/uploads\/2018\/11\/vi-ranci-sm-570x570.png\" class=\"attachment-portfolio-square size-portfolio-square wp-post-image\" alt=\"Vino rancio\" srcset=\"https:\/\/www.vinspravi.es\/wp-content\/uploads\/2018\/11\/vi-ranci-sm-570x570.png 570w, https:\/\/www.vinspravi.es\/wp-content\/uploads\/2018\/11\/vi-ranci-sm-300x300.png 300w, https:\/\/www.vinspravi.es\/wp-content\/uploads\/2018\/11\/vi-ranci-sm-100x100.png 100w, https:\/\/www.vinspravi.es\/wp-content\/uploads\/2018\/11\/vi-ranci-sm-600x600.png 600w, https:\/\/www.vinspravi.es\/wp-content\/uploads\/2018\/11\/vi-ranci-sm-64x64.png 64w, https:\/\/www.vinspravi.es\/wp-content\/uploads\/2018\/11\/vi-ranci-sm-150x150.png 150w, https:\/\/www.vinspravi.es\/wp-content\/uploads\/2018\/11\/vi-ranci-sm-500x500.png 500w, https:\/\/www.vinspravi.es\/wp-content\/uploads\/2018\/11\/vi-ranci-sm.png 700w\" sizes=\"auto, (max-width: 570px) 100vw, 570px\" \/><\/span><\/a><span class='text_holder'><span class='text_outer'><span class='text_inner'><div class=\"hover_feature_holder_title\"><div class=\"hover_feature_holder_title_inner\"><h5 itemprop=\"name\" class=\"portfolio_title entry_title\"><a itemprop=\"url\" href=\"https:\/\/www.vinspravi.es\/ca\/productos\/vi-ranci\/\"  target=\"_self\">Vi ranci<\/a><\/h5><\/div><\/div><span class='feature_holder'><span class=\"feature_holder_icons\"><span class='portfolio_like qbutton small white'><a  href=\"#\" class=\"qode-like\" id=\"qode-like-345\" title=\"Like this\">0<span>  Likes<\/span><\/a><\/span><\/span><\/span><\/span><\/span><\/span><\/div><\/article>\n<div class='filler'><\/div>\n<div class='filler'><\/div>\n<div class='filler'><\/div>\n<\/div><\/div>[\/vc_column][\/vc_row][vc_row css_animation=&#8221;element_from_fade&#8221; row_type=&#8221;row&#8221; use_row_as_full_screen_section=&#8221;no&#8221; type=&#8221;grid&#8221; angled_section=&#8221;no&#8221; text_align=&#8221;center&#8221; background_image=&#8221;703&#8243; background_image_as_pattern=&#8221;without_pattern&#8221; el_class=&#8221;home_visitans&#8221; z_index=&#8221;&#8221;][vc_column][vc_column_text]<\/p>\n<h3 style=\"text-align: center;\">Visita\u2019ns al nostre magatzem de Manresa.<\/h3>\n<p style=\"text-align: center;\">Et podrem oferir els nostres productes a granel, o en diferents formats:<br \/>\nvi cl\u00e0ssic, vins especials de Catalunya, Montsant, Empord\u00e0, Terra Alta i d\u00b4altres regions com Logro\u00f1o, Valadolid i Arag\u00f3. Tamb\u00e9 excel\u00b7lents vins generosos, moscatell, mistela, vi ranci, vi de missa\u2026 tamb\u00e9 a granel!<\/p>\n<p>[\/vc_column_text][\/vc_column][\/vc_row]<\/p>\n<\/div>","protected":false},"excerpt":{"rendered":"<p>[vc_row css_animation=&#8221;element_from_fade&#8221; row_type=&#8221;row&#8221; use_row_as_full_screen_section=&#8221;no&#8221; type=&#8221;grid&#8221; angled_section=&#8221;no&#8221; text_align=&#8221;left&#8221; background_image_as_pattern=&#8221;without_pattern&#8221; padding_top=&#8221;40&#8243; padding_bottom=&#8221;20&#8243; z_index=&#8221;&#8221;][vc_column][vc_column_text el_class=&#8221;section_title&#8221;] Vins de licor [\/vc_column_text][\/vc_column][\/vc_row][vc_row css_animation=&#8221;element_from_fade&#8221; row_type=&#8221;row&#8221; use_row_as_full_screen_section=&#8221;no&#8221; type=&#8221;grid&#8221; angled_section=&#8221;no&#8221; text_align=&#8221;left&#8221; background_image_as_pattern=&#8221;without_pattern&#8221; padding_bottom=&#8221;70&#8243; z_index=&#8221;&#8221;][vc_column][\/vc_column][\/vc_row][vc_row css_animation=&#8221;element_from_fade&#8221; row_type=&#8221;row&#8221; use_row_as_full_screen_section=&#8221;no&#8221; type=&#8221;grid&#8221; angled_section=&#8221;no&#8221; text_align=&#8221;center&#8221; background_image=&#8221;703&#8243; background_image_as_pattern=&#8221;without_pattern&#8221; el_class=&#8221;home_visitans&#8221; z_index=&#8221;&#8221;][vc_column][vc_column_text] Visita\u2019ns al nostre magatzem de Manresa. Et podrem oferir els&#8230;<\/p>\n","protected":false},"author":1,"featured_media":0,"parent":0,"menu_order":0,"comment_status":"closed","ping_status":"closed","template":"full_width.php","meta":{"footnotes":""},"class_list":["post-215","page","type-page","status-publish","hentry"],"_links":{"self":[{"href":"https:\/\/www.vinspravi.es\/ca\/wp-json\/wp\/v2\/pages\/215","targetHints":{"allow":["GET"]}}],"collection":[{"href":"https:\/\/www.vinspravi.es\/ca\/wp-json\/wp\/v2\/pages"}],"about":[{"href":"https:\/\/www.vinspravi.es\/ca\/wp-json\/wp\/v2\/types\/page"}],"author":[{"embeddable":true,"href":"https:\/\/www.vinspravi.es\/ca\/wp-json\/wp\/v2\/users\/1"}],"replies":[{"embeddable":true,"href":"https:\/\/www.vinspravi.es\/ca\/wp-json\/wp\/v2\/comments?post=215"}],"version-history":[{"count":6,"href":"https:\/\/www.vinspravi.es\/ca\/wp-json\/wp\/v2\/pages\/215\/revisions"}],"predecessor-version":[{"id":732,"href":"https:\/\/www.vinspravi.es\/ca\/wp-json\/wp\/v2\/pages\/215\/revisions\/732"}],"wp:attachment":[{"href":"https:\/\/www.vinspravi.es\/ca\/wp-json\/wp\/v2\/media?parent=215"}],"curies":[{"name":"wp","href":"https:\/\/api.w.org\/{rel}","templated":true}]}}